{"id":13230,"date":"2024-10-14T11:15:59","date_gmt":"2024-10-14T09:15:59","guid":{"rendered":"https:\/\/maat.swebwp.oci.eu\/?page_id=13230"},"modified":"2026-01-20T12:42:23","modified_gmt":"2026-01-20T10:42:23","slug":"patients-et-proches-de-patients","status":"publish","type":"page","link":"https:\/\/maat.swebwp.oci.eu\/fr\/patients-et-proches-de-patients\/","title":{"rendered":"Patients et proches de patients"},"content":{"rendered":"[vc_row type=\u00a0\u00bbfull_width_background\u00a0\u00bb full_screen_row_position=\u00a0\u00bbmiddle\u00a0\u00bb column_margin=\u00a0\u00bbdefault\u00a0\u00bb column_direction=\u00a0\u00bbdefault\u00a0\u00bb column_direction_tablet=\u00a0\u00bbdefault\u00a0\u00bb column_direction_phone=\u00a0\u00bbdefault\u00a0\u00bb bg_image=\u00a0\u00bb760&Prime; bg_position=\u00a0\u00bbcenter center\u00a0\u00bb background_image_loading=\u00a0\u00bbdefault\u00a0\u00bb bg_repeat=\u00a0\u00bbno-repeat\u00a0\u00bb scene_position=\u00a0\u00bbcenter\u00a0\u00bb top_padding=\u00a0\u00bb10%\u00a0\u00bb bottom_padding=\u00a0\u00bb14%\u00a0\u00bb text_color=\u00a0\u00bblight\u00a0\u00bb text_align=\u00a0\u00bbleft\u00a0\u00bb row_border_radius=\u00a0\u00bbnone\u00a0\u00bb row_border_radius_applies=\u00a0\u00bbbg\u00a0\u00bb enable_gradient=\u00a0\u00bbtrue\u00a0\u00bb color_overlay=\u00a0\u00bbrgba(91,192,204,0.94)\u00a0\u00bb color_overlay_2=\u00a0\u00bb#014f90&Prime; overlay_strength=\u00a0\u00bb0.95&Prime; gradient_direction=\u00a0\u00bbleft_to_right\u00a0\u00bb enable_shape_divider=\u00a0\u00bbtrue\u00a0\u00bb shape_divider_position=\u00a0\u00bbbottom\u00a0\u00bb shape_divider_height=\u00a0\u00bb190&Prime; bg_image_animation=\u00a0\u00bbnone\u00a0\u00bb parallax_bg=\u00a0\u00bbtrue\u00a0\u00bb parallax_bg_speed=\u00a0\u00bbfast\u00a0\u00bb shape_type=\u00a0\u00bbcurve\u00a0\u00bb][vc_column column_padding=\u00a0\u00bbno-extra-padding\u00a0\u00bb column_padding_tablet=\u00a0\u00bbinherit\u00a0\u00bb column_padding_phone=\u00a0\u00bbinherit\u00a0\u00bb column_padding_position=\u00a0\u00bball\u00a0\u00bb column_element_spacing=\u00a0\u00bbdefault\u00a0\u00bb background_color_opacity=\u00a0\u00bb1&Prime; background_hover_color_opacity=\u00a0\u00bb1&Prime; column_shadow=\u00a0\u00bbnone\u00a0\u00bb column_border_radius=\u00a0\u00bbnone\u00a0\u00bb column_link_target=\u00a0\u00bb_self\u00a0\u00bb gradient_direction=\u00a0\u00bbleft_to_right\u00a0\u00bb overlay_strength=\u00a0\u00bb0.3&Prime; width=\u00a0\u00bb1\/6&Prime; tablet_width_inherit=\u00a0\u00bbdefault\u00a0\u00bb tablet_text_alignment=\u00a0\u00bbdefault\u00a0\u00bb phone_text_alignment=\u00a0\u00bbdefault\u00a0\u00bb bg_image_animation=\u00a0\u00bbnone\u00a0\u00bb border_type=\u00a0\u00bbsimple\u00a0\u00bb column_border_width=\u00a0\u00bbnone\u00a0\u00bb column_border_style=\u00a0\u00bbsolid\u00a0\u00bb][\/vc_column][vc_column column_padding=\u00a0\u00bbno-extra-padding\u00a0\u00bb column_padding_tablet=\u00a0\u00bbinherit\u00a0\u00bb column_padding_phone=\u00a0\u00bbinherit\u00a0\u00bb column_padding_position=\u00a0\u00bball\u00a0\u00bb column_element_spacing=\u00a0\u00bbdefault\u00a0\u00bb centered_text=\u00a0\u00bbtrue\u00a0\u00bb background_color_opacity=\u00a0\u00bb1&Prime; background_hover_color_opacity=\u00a0\u00bb1&Prime; column_shadow=\u00a0\u00bbnone\u00a0\u00bb column_border_radius=\u00a0\u00bbnone\u00a0\u00bb column_link_target=\u00a0\u00bb_self\u00a0\u00bb gradient_direction=\u00a0\u00bbleft_to_right\u00a0\u00bb overlay_strength=\u00a0\u00bb0.3&Prime; width=\u00a0\u00bb2\/3&Prime; tablet_width_inherit=\u00a0\u00bbdefault\u00a0\u00bb tablet_text_alignment=\u00a0\u00bbdefault\u00a0\u00bb phone_text_alignment=\u00a0\u00bbdefault\u00a0\u00bb bg_image_animation=\u00a0\u00bbnone\u00a0\u00bb border_type=\u00a0\u00bbsimple\u00a0\u00bb column_border_width=\u00a0\u00bbnone\u00a0\u00bb column_border_style=\u00a0\u00bbsolid\u00a0\u00bb][split_line_heading animation_type=\u00a0\u00bbdefault\u00a0\u00bb]\n<h1>Patients et proches de patients<\/h1>\n[\/split_line_heading][vc_custom_heading text=\u00a0\u00bbCette page s&rsquo;adresse aux patients et \u00e0 leurs proches qui souhaitent en savoir davantage sur les cancers du sang.\u00a0\u00bb font_container=\u00a0\u00bbtag:h4|font_size:20|text_align:center|line_height:36px\u00a0\u00bb google_fonts=\u00a0\u00bbfont_family:Roboto%3A100%2C100italic%2C300%2C300italic%2Cregular%2Citalic%2C500%2C500italic%2C700%2C700italic%2C900%2C900italic|font_style:400%20regular%3A400%3Anormal\u00a0\u00bb][\/vc_column][vc_column column_padding=\u00a0\u00bbno-extra-padding\u00a0\u00bb column_padding_tablet=\u00a0\u00bbinherit\u00a0\u00bb column_padding_phone=\u00a0\u00bbinherit\u00a0\u00bb column_padding_position=\u00a0\u00bball\u00a0\u00bb column_element_spacing=\u00a0\u00bbdefault\u00a0\u00bb background_color_opacity=\u00a0\u00bb1&Prime; background_hover_color_opacity=\u00a0\u00bb1&Prime; column_shadow=\u00a0\u00bbnone\u00a0\u00bb column_border_radius=\u00a0\u00bbnone\u00a0\u00bb column_link_target=\u00a0\u00bb_self\u00a0\u00bb gradient_direction=\u00a0\u00bbleft_to_right\u00a0\u00bb overlay_strength=\u00a0\u00bb0.3&Prime; width=\u00a0\u00bb1\/6&Prime; tablet_width_inherit=\u00a0\u00bbdefault\u00a0\u00bb tablet_text_alignment=\u00a0\u00bbdefault\u00a0\u00bb phone_text_alignment=\u00a0\u00bbdefault\u00a0\u00bb bg_image_animation=\u00a0\u00bbnone\u00a0\u00bb border_type=\u00a0\u00bbsimple\u00a0\u00bb column_border_width=\u00a0\u00bbnone\u00a0\u00bb column_border_style=\u00a0\u00bbsolid\u00a0\u00bb][\/vc_column][\/vc_row][vc_row type=\u00a0\u00bbfull_width_background\u00a0\u00bb full_screen_row_position=\u00a0\u00bbmiddle\u00a0\u00bb column_margin=\u00a0\u00bbdefault\u00a0\u00bb column_direction=\u00a0\u00bbdefault\u00a0\u00bb column_direction_tablet=\u00a0\u00bbdefault\u00a0\u00bb column_direction_phone=\u00a0\u00bbdefault\u00a0\u00bb scene_position=\u00a0\u00bbcenter\u00a0\u00bb bottom_padding=\u00a0\u00bb4%\u00a0\u00bb text_color=\u00a0\u00bbdark\u00a0\u00bb text_align=\u00a0\u00bbleft\u00a0\u00bb row_border_radius=\u00a0\u00bbnone\u00a0\u00bb row_border_radius_applies=\u00a0\u00bbbg\u00a0\u00bb id=\u00a0\u00bbnews\u00a0\u00bb overlay_strength=\u00a0\u00bb0.3&Prime; gradient_direction=\u00a0\u00bbleft_to_right\u00a0\u00bb shape_divider_position=\u00a0\u00bbbottom\u00a0\u00bb bg_image_animation=\u00a0\u00bbnone\u00a0\u00bb shape_type=\u00a0\u00bbcurve\u00a0\u00bb][vc_column column_padding=\u00a0\u00bbno-extra-padding\u00a0\u00bb column_padding_tablet=\u00a0\u00bbinherit\u00a0\u00bb column_padding_phone=\u00a0\u00bbinherit\u00a0\u00bb column_padding_position=\u00a0\u00bball\u00a0\u00bb column_element_spacing=\u00a0\u00bbdefault\u00a0\u00bb background_color_opacity=\u00a0\u00bb1&Prime; background_hover_color_opacity=\u00a0\u00bb1&Prime; column_shadow=\u00a0\u00bbnone\u00a0\u00bb column_border_radius=\u00a0\u00bbnone\u00a0\u00bb column_link_target=\u00a0\u00bb_self\u00a0\u00bb gradient_direction=\u00a0\u00bbleft_to_right\u00a0\u00bb overlay_strength=\u00a0\u00bb0.3&Prime; width=\u00a0\u00bb1\/1&Prime; tablet_width_inherit=\u00a0\u00bbdefault\u00a0\u00bb tablet_text_alignment=\u00a0\u00bbdefault\u00a0\u00bb phone_text_alignment=\u00a0\u00bbdefault\u00a0\u00bb bg_image_animation=\u00a0\u00bbnone\u00a0\u00bb border_type=\u00a0\u00bbsimple\u00a0\u00bb column_border_width=\u00a0\u00bbnone\u00a0\u00bb column_border_style=\u00a0\u00bbsolid\u00a0\u00bb][page_submenu alignment=\u00a0\u00bbcenter\u00a0\u00bb sticky=\u00a0\u00bbtrue\u00a0\u00bb link_color=\u00a0\u00bb#014f90&Prime;][page_link title=\u00a0\u00bbCancers du sang\u00a0\u00bb id=\u00a0\u00bb1768905715334-0&Prime; tab_id=\u00a0\u00bb1768905715334-8&Prime; link_url=\u00a0\u00bb#cancers\u00a0\u00bb][\/page_link][page_link title=\u00a0\u00bbLa maladie du greffon contre l&rsquo;h\u00f4te\u00a0\u00bb id=\u00a0\u00bb1768905715351-0&Prime; tab_id=\u00a0\u00bb1768905715353-1&Prime; link_url=\u00a0\u00bb#greffon\u00a0\u00bb][\/page_link][page_link title=\u00a0\u00bbAvis d\u2019expert sur l\u2019aGvH\u00a0\u00bb id=\u00a0\u00bb1768905715363-7&Prime; tab_id=\u00a0\u00bb1768905715364-1&Prime; link_url=\u00a0\u00bb#avis-expert\u00a0\u00bb][\/page_link][page_link title=\u00a0\u00bbRestaurer le microbiote intestinal\u00a0\u00bb id=\u00a0\u00bb1768905715378-8&Prime; tab_id=\u00a0\u00bb1768905715378-8&Prime; link_url=\u00a0\u00bb#microbiote\u00a0\u00bb][\/page_link][\/page_submenu][\/vc_column][\/vc_row][vc_row type=\u00a0\u00bbfull_width_background\u00a0\u00bb full_screen_row_position=\u00a0\u00bbmiddle\u00a0\u00bb column_margin=\u00a0\u00bbdefault\u00a0\u00bb column_direction=\u00a0\u00bbdefault\u00a0\u00bb column_direction_tablet=\u00a0\u00bbdefault\u00a0\u00bb column_direction_phone=\u00a0\u00bbdefault\u00a0\u00bb scene_position=\u00a0\u00bbcenter\u00a0\u00bb bottom_padding=\u00a0\u00bb4%\u00a0\u00bb text_color=\u00a0\u00bbdark\u00a0\u00bb text_align=\u00a0\u00bbleft\u00a0\u00bb row_border_radius=\u00a0\u00bbnone\u00a0\u00bb row_border_radius_applies=\u00a0\u00bbbg\u00a0\u00bb id=\u00a0\u00bbcancers\u00a0\u00bb overlay_strength=\u00a0\u00bb0.3&Prime; gradient_direction=\u00a0\u00bbleft_to_right\u00a0\u00bb shape_divider_position=\u00a0\u00bbbottom\u00a0\u00bb bg_image_animation=\u00a0\u00bbnone\u00a0\u00bb shape_type=\u00a0\u00bbcurve\u00a0\u00bb][vc_column column_padding=\u00a0\u00bbno-extra-padding\u00a0\u00bb column_padding_tablet=\u00a0\u00bbinherit\u00a0\u00bb column_padding_phone=\u00a0\u00bbinherit\u00a0\u00bb column_padding_position=\u00a0\u00bball\u00a0\u00bb column_element_spacing=\u00a0\u00bbdefault\u00a0\u00bb background_color_opacity=\u00a0\u00bb1&Prime; background_hover_color_opacity=\u00a0\u00bb1&Prime; column_shadow=\u00a0\u00bbnone\u00a0\u00bb column_border_radius=\u00a0\u00bbnone\u00a0\u00bb column_link_target=\u00a0\u00bb_self\u00a0\u00bb gradient_direction=\u00a0\u00bbleft_to_right\u00a0\u00bb overlay_strength=\u00a0\u00bb0.3&Prime; width=\u00a0\u00bb1\/1&Prime; tablet_width_inherit=\u00a0\u00bbdefault\u00a0\u00bb tablet_text_alignment=\u00a0\u00bbdefault\u00a0\u00bb phone_text_alignment=\u00a0\u00bbdefault\u00a0\u00bb bg_image_animation=\u00a0\u00bbnone\u00a0\u00bb border_type=\u00a0\u00bbsimple\u00a0\u00bb column_border_width=\u00a0\u00bbnone\u00a0\u00bb column_border_style=\u00a0\u00bbsolid\u00a0\u00bb][nectar_highlighted_text color_type=\u00a0\u00bbregular\u00a0\u00bb text_color=\u00a0\u00bb#5bc0cc\u00a0\u00bb style=\u00a0\u00bbfull_text\u00a0\u00bb highlight_expansion=\u00a0\u00bbdefault\u00a0\u00bb]\n<h2 style=\"text-align: left;\">Cancers du sang : traitements, greffe et avanc\u00e9es \u2013 Ce qu\u2019il faut savoir<\/h2>\n[\/nectar_highlighted_text][divider line_type=\u00a0\u00bbNo Line\u00a0\u00bb custom_height=\u00a0\u00bb30&Prime;][\/vc_column][vc_column column_padding=\u00a0\u00bbno-extra-padding\u00a0\u00bb column_padding_tablet=\u00a0\u00bbinherit\u00a0\u00bb column_padding_phone=\u00a0\u00bbinherit\u00a0\u00bb column_padding_position=\u00a0\u00bbright\u00a0\u00bb column_element_spacing=\u00a0\u00bb20px\u00a0\u00bb background_color=\u00a0\u00bb#ffffff\u00a0\u00bb background_color_opacity=\u00a0\u00bb1&Prime; background_hover_color_opacity=\u00a0\u00bb1&Prime; column_shadow=\u00a0\u00bbnone\u00a0\u00bb column_border_radius=\u00a0\u00bbnone\u00a0\u00bb column_link_target=\u00a0\u00bb_self\u00a0\u00bb gradient_direction=\u00a0\u00bbleft_to_right\u00a0\u00bb overlay_strength=\u00a0\u00bb0.3&Prime; width=\u00a0\u00bb1\/3&Prime; tablet_width_inherit=\u00a0\u00bbdefault\u00a0\u00bb tablet_text_alignment=\u00a0\u00bbdefault\u00a0\u00bb phone_text_alignment=\u00a0\u00bbdefault\u00a0\u00bb bg_image_animation=\u00a0\u00bbnone\u00a0\u00bb border_type=\u00a0\u00bbsimple\u00a0\u00bb column_border_width=\u00a0\u00bbnone\u00a0\u00bb column_border_style=\u00a0\u00bbsolid\u00a0\u00bb][team_member image_url=\u00a0\u00bb13329&Prime; bio_image_url=\u00a0\u00bb13329&Prime; team_memeber_style=\u00a0\u00bbbio_fullscreen\u00a0\u00bb image_loading=\u00a0\u00bbdefault\u00a0\u00bb team_member_bio_full_html=\u00a0\u00bbhtml\u00a0\u00bb name=\u00a0\u00bbMieux comprendre les cancers du sang\u00a0\u00bb]Les cancers du sang, \u00e9galement appel\u00e9s les cancers h\u00e9matologiques, se d\u00e9veloppent <strong>\u00e0 partir des cellules sanguines<\/strong>. Les cellules sanguines correspondent aux globules rouges, aux globules blancs, ainsi qu\u2019aux plaquettes.<\/p>\n<p>Parmi les cancers du sang les plus fr\u00e9quents, on retrouve\u00a0:<\/p>\n<ul>\n<li><strong>Les leuc\u00e9mies<\/strong>\u00a0: de forme aigu\u00ebs ou chroniques, elles atteignent les cellules de la moelle osseuse, \u00e0 l\u2019origine des globules blancs.<\/li>\n<li><strong>Les my\u00e9lomes<\/strong>\u00a0: ils atteignent les plasmocytes (globules blancs).<\/li>\n<li><strong>Les lymphomes<\/strong>\u00a0: ils atteignent les lymphocytes (globules blancs). On distingue <a href=\"https:\/\/www.fondation-arc.org\/cancer\/lymphomes-non-hodgkiniens\/quest-ce-quun-lymphome-non-hodgkinien\" target=\"_blank\" rel=\"noopener\">deux cat\u00e9gories de lymphomes\u00a0<\/a>: le lymphome hodgkinien (LH), et le lymphome non hodgkinien (LNH).<\/li>\n<\/ul>\n<p>Vous trouverez plus d\u2019informations d\u00e9taill\u00e9es sur les cancers du sang ici\u00a0: <a href=\"https:\/\/www.laurettefugain.org\/cancers-du-sang\/\" target=\"_blank\" rel=\"noopener\">Laurette Fugain<\/a>.<\/p>\n<p>Aujourd\u2019hui, <a href=\"https:\/\/www.laurettefugain.org\/traitements\/\" target=\"_blank\" rel=\"noopener\">plusieurs traitements<\/a> permettent de lutter contre les cancers h\u00e9matologiques. Les traitements sont choisis <strong>selon le type de cancer, son stade, l\u2019\u00e9tat de sant\u00e9 g\u00e9n\u00e9rale du patient<\/strong>. Parmi ces traitements, on retrouve les chimioth\u00e9rapies, les th\u00e9rapies cibl\u00e9es, les radioth\u00e9rapies, et dans certains cas, une <strong>greffe de moelle osseuse<\/strong> ou de <strong>cellules souches h\u00e9matopo\u00ef\u00e9tiques<\/strong>.<\/p>\n<p><img decoding=\"async\" class=\"alignnone wp-image-16581\" src=\"https:\/\/maat.swebwp.oci.eu\/wp-content\/uploads\/2025\/09\/Funnel-Patient-FR-VF-1-300x197.png\" alt=\"\" width=\"635\" height=\"417\" srcset=\"https:\/\/maat.swebwp.oci.eu\/wp-content\/uploads\/2025\/09\/Funnel-Patient-FR-VF-1-300x197.png 300w, https:\/\/maat.swebwp.oci.eu\/wp-content\/uploads\/2025\/09\/Funnel-Patient-FR-VF-1-1024x673.png 1024w, https:\/\/maat.swebwp.oci.eu\/wp-content\/uploads\/2025\/09\/Funnel-Patient-FR-VF-1-768x505.png 768w, https:\/\/maat.swebwp.oci.eu\/wp-content\/uploads\/2025\/09\/Funnel-Patient-FR-VF-1-1536x1010.png 1536w, https:\/\/maat.swebwp.oci.eu\/wp-content\/uploads\/2025\/09\/Funnel-Patient-FR-VF-1-2048x1346.png 2048w\" sizes=\"(max-width: 635px) 100vw, 635px\" \/><\/p>\n<p>Les avanc\u00e9es en <strong>immunoth\u00e9rapies<\/strong> ont aussi ouvert de nouvelles perspectives prometteuses pour lutter contre le cancer. L\u2019immunoth\u00e9rapie agit en activant le syst\u00e8me immunitaire du patient afin de l\u2019aider \u00e0 reconna\u00eetre les cellules canc\u00e9reuses et \u00e0 les d\u00e9truire.[\/team_member][\/vc_column][vc_column column_padding=\u00a0\u00bbno-extra-padding\u00a0\u00bb column_padding_tablet=\u00a0\u00bbinherit\u00a0\u00bb column_padding_phone=\u00a0\u00bbinherit\u00a0\u00bb column_padding_position=\u00a0\u00bball\u00a0\u00bb column_element_spacing=\u00a0\u00bbdefault\u00a0\u00bb background_color_opacity=\u00a0\u00bb1&Prime; background_hover_color_opacity=\u00a0\u00bb1&Prime; column_shadow=\u00a0\u00bbnone\u00a0\u00bb column_border_radius=\u00a0\u00bbnone\u00a0\u00bb column_link_target=\u00a0\u00bb_self\u00a0\u00bb gradient_direction=\u00a0\u00bbleft_to_right\u00a0\u00bb overlay_strength=\u00a0\u00bb0.3&Prime; width=\u00a0\u00bb1\/3&Prime; tablet_width_inherit=\u00a0\u00bbdefault\u00a0\u00bb tablet_text_alignment=\u00a0\u00bbdefault\u00a0\u00bb phone_text_alignment=\u00a0\u00bbdefault\u00a0\u00bb bg_image_animation=\u00a0\u00bbnone\u00a0\u00bb border_type=\u00a0\u00bbsimple\u00a0\u00bb column_border_width=\u00a0\u00bbnone\u00a0\u00bb column_border_style=\u00a0\u00bbsolid\u00a0\u00bb][team_member image_url=\u00a0\u00bb13337&Prime; bio_image_url=\u00a0\u00bb15784&Prime; team_memeber_style=\u00a0\u00bbbio_fullscreen\u00a0\u00bb image_loading=\u00a0\u00bbdefault\u00a0\u00bb team_member_bio_full_html=\u00a0\u00bbhtml\u00a0\u00bb name=\u00a0\u00bbLe traitement par greffe de moelle osseuse dans les cancers du sang\u00a0\u00bb]Les cellules souches h\u00e9matopo\u00ef\u00e9tiques, qu\u2019elles proviennent du sang p\u00e9riph\u00e9rique ou de la moelle osseuse d\u2019un donneur sain, sont les cellules m\u00e8res des cellules sanguines, stock\u00e9es dans la <strong>moelle osseuse<\/strong> : il s\u2019agit d\u2019un tissu spongieux situ\u00e9 au centre de certains os, et qui contient nos cellules sanguines.<\/p>\n<p>Cette greffe permet de reconstituer une moelle osseuse fonctionnelle chez le patient, en particulier apr\u00e8s une chimioth\u00e9rapie ou une radioth\u00e9rapie. L\u2019objectif est de remplacer la moelle osseuse et le syst\u00e8me immunitaire du receveur par un syst\u00e8me sain issu d\u2019un donneur. Une fois implant\u00e9es, les cellules souches saines peuvent se diff\u00e9rencier pour produire des cellules sanguines sp\u00e9cifiques et pleinement fonctionnelles.<\/p>\n<p>En fonction de la source des cellules souches, on distingue plusieurs types de greffe, notamment <strong>l\u2019autogreffe<\/strong> (o\u00f9 les cellules souches proviennent du patient lui-m\u00eame), et <strong>l\u2019allogreffe<\/strong> (les cellules proviennent d\u2019un donneur sain pr\u00e9sentant des cellules compatibles avec le patient).<\/p>\n<p>Chaque traitement comporte des risques et des complications potentiels dont le patient doit \u00eatre inform\u00e9 par l\u2019\u00e9quipe m\u00e9dicale. De plus, la greffe de cellules souches affaiblit le syst\u00e8me immunitaire du patient en raison des traitements re\u00e7us, le rendant particuli\u00e8rement vuln\u00e9rable aux infections. L\u2019une des complications les plus graves de ce type de greffe est la <strong>maladie du greffon contre l\u2019h\u00f4te<\/strong>.<\/p>\n<p>&#x1f449; En savoir plus sur<a href=\"https:\/\/cancer.ca\/fr\/treatments\/treatment-types\/stem-cell-transplant\" target=\"_blank\" rel=\"noopener\"> les greffes de cellules souches &#8211; Canadian Cancer Society &#8211; FR<\/a>[\/team_member][\/vc_column][vc_column column_padding=\u00a0\u00bbno-extra-padding\u00a0\u00bb column_padding_tablet=\u00a0\u00bbinherit\u00a0\u00bb column_padding_phone=\u00a0\u00bbinherit\u00a0\u00bb column_padding_position=\u00a0\u00bball\u00a0\u00bb column_element_spacing=\u00a0\u00bbdefault\u00a0\u00bb background_color_opacity=\u00a0\u00bb1&Prime; background_hover_color_opacity=\u00a0\u00bb1&Prime; column_shadow=\u00a0\u00bbnone\u00a0\u00bb column_border_radius=\u00a0\u00bbnone\u00a0\u00bb column_link_target=\u00a0\u00bb_self\u00a0\u00bb gradient_direction=\u00a0\u00bbleft_to_right\u00a0\u00bb overlay_strength=\u00a0\u00bb0.3&Prime; width=\u00a0\u00bb1\/3&Prime; tablet_width_inherit=\u00a0\u00bbdefault\u00a0\u00bb tablet_text_alignment=\u00a0\u00bbdefault\u00a0\u00bb phone_text_alignment=\u00a0\u00bbdefault\u00a0\u00bb bg_image_animation=\u00a0\u00bbnone\u00a0\u00bb border_type=\u00a0\u00bbsimple\u00a0\u00bb column_border_width=\u00a0\u00bbnone\u00a0\u00bb column_border_style=\u00a0\u00bbsolid\u00a0\u00bb][team_member image_url=\u00a0\u00bb13335&Prime; bio_image_url=\u00a0\u00bb13335&Prime; team_memeber_style=\u00a0\u00bbbio_fullscreen\u00a0\u00bb image_loading=\u00a0\u00bbdefault\u00a0\u00bb team_member_bio_full_html=\u00a0\u00bbhtml\u00a0\u00bb name=\u00a0\u00bbQui peut \u00eatre donneur ?\u00a0\u00bb]Le donneur doit \u00eatre en <strong>bonne sant\u00e9<\/strong> et pr\u00e9senter une <strong>compatibilit\u00e9 maximale<\/strong> avec le receveur. Celle-ci est \u00e9valu\u00e9e par le typage HLA, qui analyse des prot\u00e9ines \u00e0 la surface des cellules, d\u00e9terminantes dans le risque de rejet en cas d\u2019incompatibilit\u00e9.<\/p>\n<p>La recherche d\u2019un donneur commence g\u00e9n\u00e9ralement au sein de la fratrie, o\u00f9 il existe une probabilit\u00e9 de 1 sur 4 de compatibilit\u00e9 g\u00e9n\u00e9tique. Si aucun donneur familial n\u2019est compatible, des volontaires inscrits sur des registres internationaux peuvent \u00eatre sollicit\u00e9s.<\/p>\n<p>En savoir plus\u00a0: <a href=\"https:\/\/dondesang.efs.sante.fr\/articles\/don-de-moelle-osseuse\" target=\"_blank\" rel=\"noopener\">Etablissement Fran\u00e7ais du Sang- Don de moelle osseuse\u202f: un pr\u00e9cieux s\u00e9same pour lutter contre les maladies du sang<\/a>[\/team_member][\/vc_column][\/vc_row][vc_row type=\u00a0\u00bbin_container\u00a0\u00bb full_screen_row_position=\u00a0\u00bbmiddle\u00a0\u00bb column_margin=\u00a0\u00bbdefault\u00a0\u00bb column_direction=\u00a0\u00bbdefault\u00a0\u00bb column_direction_tablet=\u00a0\u00bbdefault\u00a0\u00bb column_direction_phone=\u00a0\u00bbdefault\u00a0\u00bb scene_position=\u00a0\u00bbcenter\u00a0\u00bb text_color=\u00a0\u00bbdark\u00a0\u00bb text_align=\u00a0\u00bbleft\u00a0\u00bb row_border_radius=\u00a0\u00bbnone\u00a0\u00bb row_border_radius_applies=\u00a0\u00bbbg\u00a0\u00bb overlay_strength=\u00a0\u00bb0.3&Prime; gradient_direction=\u00a0\u00bbleft_to_right\u00a0\u00bb shape_divider_position=\u00a0\u00bbbottom\u00a0\u00bb bg_image_animation=\u00a0\u00bbnone\u00a0\u00bb][vc_column column_padding=\u00a0\u00bbno-extra-padding\u00a0\u00bb column_padding_tablet=\u00a0\u00bbinherit\u00a0\u00bb column_padding_phone=\u00a0\u00bbinherit\u00a0\u00bb column_padding_position=\u00a0\u00bball\u00a0\u00bb column_element_spacing=\u00a0\u00bbdefault\u00a0\u00bb background_color_opacity=\u00a0\u00bb1&Prime; background_hover_color_opacity=\u00a0\u00bb1&Prime; column_shadow=\u00a0\u00bbnone\u00a0\u00bb column_border_radius=\u00a0\u00bbnone\u00a0\u00bb column_link_target=\u00a0\u00bb_self\u00a0\u00bb gradient_direction=\u00a0\u00bbleft_to_right\u00a0\u00bb overlay_strength=\u00a0\u00bb0.3&Prime; width=\u00a0\u00bb1\/1&Prime; tablet_width_inherit=\u00a0\u00bbdefault\u00a0\u00bb tablet_text_alignment=\u00a0\u00bbdefault\u00a0\u00bb phone_text_alignment=\u00a0\u00bbdefault\u00a0\u00bb bg_image_animation=\u00a0\u00bbnone\u00a0\u00bb border_type=\u00a0\u00bbsimple\u00a0\u00bb column_border_width=\u00a0\u00bbnone\u00a0\u00bb column_border_style=\u00a0\u00bbsolid\u00a0\u00bb][divider line_type=\u00a0\u00bbNo Line\u00a0\u00bb][\/vc_column][\/vc_row][vc_row type=\u00a0\u00bbfull_width_background\u00a0\u00bb full_screen_row_position=\u00a0\u00bbmiddle\u00a0\u00bb column_margin=\u00a0\u00bbdefault\u00a0\u00bb column_direction=\u00a0\u00bbdefault\u00a0\u00bb column_direction_tablet=\u00a0\u00bbdefault\u00a0\u00bb column_direction_phone=\u00a0\u00bbdefault\u00a0\u00bb scene_position=\u00a0\u00bbcenter\u00a0\u00bb bottom_padding=\u00a0\u00bb4%\u00a0\u00bb text_color=\u00a0\u00bbdark\u00a0\u00bb text_align=\u00a0\u00bbleft\u00a0\u00bb row_border_radius=\u00a0\u00bbnone\u00a0\u00bb row_border_radius_applies=\u00a0\u00bbbg\u00a0\u00bb id=\u00a0\u00bbgreffon\u00a0\u00bb overlay_strength=\u00a0\u00bb0.3&Prime; gradient_direction=\u00a0\u00bbleft_to_right\u00a0\u00bb shape_divider_position=\u00a0\u00bbbottom\u00a0\u00bb bg_image_animation=\u00a0\u00bbnone\u00a0\u00bb shape_type=\u00a0\u00bbcurve\u00a0\u00bb][vc_column column_padding=\u00a0\u00bbno-extra-padding\u00a0\u00bb column_padding_tablet=\u00a0\u00bbinherit\u00a0\u00bb column_padding_phone=\u00a0\u00bbinherit\u00a0\u00bb column_padding_position=\u00a0\u00bball\u00a0\u00bb column_element_spacing=\u00a0\u00bbdefault\u00a0\u00bb background_color_opacity=\u00a0\u00bb1&Prime; background_hover_color_opacity=\u00a0\u00bb1&Prime; column_shadow=\u00a0\u00bbnone\u00a0\u00bb column_border_radius=\u00a0\u00bbnone\u00a0\u00bb column_link_target=\u00a0\u00bb_self\u00a0\u00bb gradient_direction=\u00a0\u00bbleft_to_right\u00a0\u00bb overlay_strength=\u00a0\u00bb0.3&Prime; width=\u00a0\u00bb1\/1&Prime; tablet_width_inherit=\u00a0\u00bbdefault\u00a0\u00bb tablet_text_alignment=\u00a0\u00bbdefault\u00a0\u00bb phone_text_alignment=\u00a0\u00bbdefault\u00a0\u00bb bg_image_animation=\u00a0\u00bbnone\u00a0\u00bb border_type=\u00a0\u00bbsimple\u00a0\u00bb column_border_width=\u00a0\u00bbnone\u00a0\u00bb column_border_style=\u00a0\u00bbsolid\u00a0\u00bb][nectar_highlighted_text color_type=\u00a0\u00bbregular\u00a0\u00bb text_color=\u00a0\u00bb#5bc0cc\u00a0\u00bb style=\u00a0\u00bbfull_text\u00a0\u00bb highlight_expansion=\u00a0\u00bbdefault\u00a0\u00bb]\n<h2 style=\"text-align: left;\">La maladie du greffon contre l&rsquo;h\u00f4te &#8211; GvH<\/h2>\n[\/nectar_highlighted_text][divider line_type=\u00a0\u00bbNo Line\u00a0\u00bb][vc_row_inner column_margin=\u00a0\u00bbdefault\u00a0\u00bb column_direction=\u00a0\u00bbdefault\u00a0\u00bb column_direction_tablet=\u00a0\u00bbdefault\u00a0\u00bb column_direction_phone=\u00a0\u00bbdefault\u00a0\u00bb text_align=\u00a0\u00bbleft\u00a0\u00bb][vc_column_inner column_padding=\u00a0\u00bbno-extra-padding\u00a0\u00bb column_padding_tablet=\u00a0\u00bbinherit\u00a0\u00bb column_padding_phone=\u00a0\u00bbinherit\u00a0\u00bb column_padding_position=\u00a0\u00bball\u00a0\u00bb column_element_spacing=\u00a0\u00bbdefault\u00a0\u00bb background_color_opacity=\u00a0\u00bb1&Prime; background_hover_color_opacity=\u00a0\u00bb1&Prime; column_shadow=\u00a0\u00bbnone\u00a0\u00bb column_border_radius=\u00a0\u00bbnone\u00a0\u00bb column_link_target=\u00a0\u00bb_self\u00a0\u00bb gradient_direction=\u00a0\u00bbleft_to_right\u00a0\u00bb overlay_strength=\u00a0\u00bb0.3&Prime; width=\u00a0\u00bb4\/5&Prime; tablet_width_inherit=\u00a0\u00bbdefault\u00a0\u00bb bg_image_animation=\u00a0\u00bbnone\u00a0\u00bb border_type=\u00a0\u00bbsimple\u00a0\u00bb column_border_width=\u00a0\u00bbnone\u00a0\u00bb column_border_style=\u00a0\u00bbsolid\u00a0\u00bb][vc_column_text]La maladie du greffon contre l\u2019h\u00f4te, commun\u00e9ment appel\u00e9 GvH (Graft versus Host Disease, en anglais), est l\u2019une des complications les plus redout\u00e9es apr\u00e8s une greffe allog\u00e9nique de cellules souches h\u00e9matopo\u00ef\u00e9tiques (GCSH) dans le cadre d\u2019un traitement contre un cancer du sang. Dans ce cas, les cellules souches greff\u00e9es reconnaissent l\u2019organisme du receveur comme \u00e9tranger et l\u2019attaquent.<br \/>\n<strong>Il existe deux types de GvH : la forme aigu\u00eb et la forme chronique.<\/strong> Toutes deux peuvent engager le pronostic vital du patient, bien que la forme aigu\u00eb soit la plus fulgurante. Ces deux types de GvH se diff\u00e9rencient par leur d\u00e9lai d\u2019apparition : dans les 100 jours suivant la greffe, il s\u2019agit d\u2019une GvH aigu\u00eb ; au-del\u00e0, on parle de GvH chronique. Ces deux types de GvH diff\u00e8rent aussi par leurs sympt\u00f4mes.[\/vc_column_text][\/vc_column_inner][vc_column_inner column_padding=\u00a0\u00bbno-extra-padding\u00a0\u00bb column_padding_tablet=\u00a0\u00bbinherit\u00a0\u00bb column_padding_phone=\u00a0\u00bbinherit\u00a0\u00bb column_padding_position=\u00a0\u00bball\u00a0\u00bb column_element_spacing=\u00a0\u00bbdefault\u00a0\u00bb background_color_opacity=\u00a0\u00bb1&Prime; background_hover_color_opacity=\u00a0\u00bb1&Prime; column_shadow=\u00a0\u00bbnone\u00a0\u00bb column_border_radius=\u00a0\u00bbnone\u00a0\u00bb column_link_target=\u00a0\u00bb_self\u00a0\u00bb color_overlay_2=\u00a0\u00bb#014f90&Prime; gradient_direction=\u00a0\u00bbleft_to_right\u00a0\u00bb overlay_strength=\u00a0\u00bb0.3&Prime; width=\u00a0\u00bb1\/5&Prime; tablet_width_inherit=\u00a0\u00bbdefault\u00a0\u00bb bg_image_animation=\u00a0\u00bbnone\u00a0\u00bb border_type=\u00a0\u00bbsimple\u00a0\u00bb column_border_width=\u00a0\u00bbnone\u00a0\u00bb column_border_style=\u00a0\u00bbsolid\u00a0\u00bb][image_with_animation image_url=\u00a0\u00bb15800&Prime; animation=\u00a0\u00bbFade In\u00a0\u00bb hover_animation=\u00a0\u00bbnone\u00a0\u00bb alignment=\u00a0\u00bb\u00a0\u00bb border_radius=\u00a0\u00bbnone\u00a0\u00bb box_shadow=\u00a0\u00bbnone\u00a0\u00bb image_loading=\u00a0\u00bbdefault\u00a0\u00bb max_width=\u00a0\u00bb100%\u00a0\u00bb max_width_mobile=\u00a0\u00bbdefault\u00a0\u00bb][\/vc_column_inner][\/vc_row_inner][divider line_type=\u00a0\u00bbNo Line\u00a0\u00bb custom_height=\u00a0\u00bb30&Prime;][\/vc_column][vc_column column_padding=\u00a0\u00bbno-extra-padding\u00a0\u00bb column_padding_tablet=\u00a0\u00bbinherit\u00a0\u00bb column_padding_phone=\u00a0\u00bbinherit\u00a0\u00bb column_padding_position=\u00a0\u00bball\u00a0\u00bb column_element_spacing=\u00a0\u00bbdefault\u00a0\u00bb background_color_opacity=\u00a0\u00bb1&Prime; background_hover_color_opacity=\u00a0\u00bb1&Prime; column_shadow=\u00a0\u00bbnone\u00a0\u00bb column_border_radius=\u00a0\u00bbnone\u00a0\u00bb column_link_target=\u00a0\u00bb_self\u00a0\u00bb gradient_direction=\u00a0\u00bbleft_to_right\u00a0\u00bb overlay_strength=\u00a0\u00bb0.3&Prime; width=\u00a0\u00bb1\/3&Prime; tablet_width_inherit=\u00a0\u00bbdefault\u00a0\u00bb tablet_text_alignment=\u00a0\u00bbdefault\u00a0\u00bb phone_text_alignment=\u00a0\u00bbdefault\u00a0\u00bb bg_image_animation=\u00a0\u00bbnone\u00a0\u00bb border_type=\u00a0\u00bbsimple\u00a0\u00bb column_border_width=\u00a0\u00bbnone\u00a0\u00bb column_border_style=\u00a0\u00bbsolid\u00a0\u00bb][team_member image_url=\u00a0\u00bb13333&Prime; bio_image_url=\u00a0\u00bb13333&Prime; team_memeber_style=\u00a0\u00bbbio_fullscreen\u00a0\u00bb image_loading=\u00a0\u00bbdefault\u00a0\u00bb team_member_bio_full_html=\u00a0\u00bbhtml\u00a0\u00bb name=\u00a0\u00bbLa GvH chronique\u00a0\u00bb]Pour la <strong>GvH chronique<\/strong>, qui survient <strong>au-del\u00e0 de 100 jours apr\u00e8s la greffe<\/strong>, on retrouve fr\u00e9quemment\u00a0:<\/p>\n<ul>\n<li>Affection de la peau\u00a0: s\u00e9cheresse, \u00e9ruptions cutan\u00e9es, d\u00e9mangeaisons, desquamation, brunissement, durcissement et resserrement<\/li>\n<li>S\u00e9cheresse oculaire pouvant \u00eatre accompagn\u00e9e d\u2019une sensation de br\u00fblure<\/li>\n<li>S\u00e9cheresse de la bouche accompagn\u00e9e ou non d\u2019ulc\u00e8res buccaux<\/li>\n<li>Diarrh\u00e9es, perte d\u2019app\u00e9tit, crampes d\u2019estomac, vomissements, perte de poids<\/li>\n<li>Douleurs musculaires et articulaires<\/li>\n<li>Infections<\/li>\n<li>Difficult\u00e9s \u00e0 respirer<\/li>\n<\/ul>\n[\/team_member][\/vc_column][vc_column column_padding=\u00a0\u00bbno-extra-padding\u00a0\u00bb column_padding_tablet=\u00a0\u00bbinherit\u00a0\u00bb column_padding_phone=\u00a0\u00bbinherit\u00a0\u00bb column_padding_position=\u00a0\u00bball\u00a0\u00bb column_element_spacing=\u00a0\u00bbdefault\u00a0\u00bb background_color_opacity=\u00a0\u00bb1&Prime; background_hover_color_opacity=\u00a0\u00bb1&Prime; column_shadow=\u00a0\u00bbnone\u00a0\u00bb column_border_radius=\u00a0\u00bbnone\u00a0\u00bb column_link_target=\u00a0\u00bb_self\u00a0\u00bb gradient_direction=\u00a0\u00bbleft_to_right\u00a0\u00bb overlay_strength=\u00a0\u00bb0.3&Prime; width=\u00a0\u00bb1\/3&Prime; tablet_width_inherit=\u00a0\u00bbdefault\u00a0\u00bb tablet_text_alignment=\u00a0\u00bbdefault\u00a0\u00bb phone_text_alignment=\u00a0\u00bbdefault\u00a0\u00bb bg_image_animation=\u00a0\u00bbnone\u00a0\u00bb border_type=\u00a0\u00bbsimple\u00a0\u00bb column_border_width=\u00a0\u00bbnone\u00a0\u00bb column_border_style=\u00a0\u00bbsolid\u00a0\u00bb][team_member image_url=\u00a0\u00bb13331&Prime; bio_image_url=\u00a0\u00bb13331&Prime; team_memeber_style=\u00a0\u00bbbio_fullscreen\u00a0\u00bb image_loading=\u00a0\u00bbdefault\u00a0\u00bb team_member_bio_full_html=\u00a0\u00bbhtml\u00a0\u00bb name=\u00a0\u00bbLa GvH aigu\u00eb\u00a0\u00bb]Pour la GvH aigu\u00eb (aGvH), trois organes sont principalement touch\u00e9s\u00a0: <strong>la peau, le foie, et le tube digestif haut et bas<\/strong>.<\/p>\n<p>L\u2019\u00e9ruption cutan\u00e9e est la manifestation la plus commune de la GvH aigu\u00eb. Elle peut \u00eatre l\u00e9g\u00e8re et localis\u00e9e, mais peut aussi atteindre le corps entier.<\/p>\n<p>L\u2019aGvH s\u2019intensifie <strong>lorsqu\u2019elle touche le tractus gastro-intestinal ou le foie<\/strong>. Le sympt\u00f4me imputant une affection au foie est majoritairement le teint jaun\u00e2tre (ict\u00e8re ou jaunisse). L\u2019atteinte gastro-intestinale est notamment associ\u00e9e \u00e0 des complications graves telles que diarrh\u00e9es intenses, douleurs abdominales, h\u00e9morragies intestinales et la mort.<\/p>\n<p>La GvH aigu\u00eb est grad\u00e9e <strong>selon la gravit\u00e9 des sympt\u00f4mes<\/strong>\u00a0:<\/p>\n<ul>\n<li>Grade I\u00a0: sympt\u00f4mes l\u00e9gers (seule la peau est touch\u00e9e)<\/li>\n<li>Grade II\u00a0: sympt\u00f4mes mod\u00e9r\u00e9s<\/li>\n<li>Grade III\u00a0: Sympt\u00f4mes graves<\/li>\n<li>Grade IV : sympt\u00f4mes tr\u00e8s graves<\/li>\n<\/ul>\n[\/team_member][\/vc_column][vc_column column_padding=\u00a0\u00bbno-extra-padding\u00a0\u00bb column_padding_tablet=\u00a0\u00bbinherit\u00a0\u00bb column_padding_phone=\u00a0\u00bbinherit\u00a0\u00bb column_padding_position=\u00a0\u00bball\u00a0\u00bb column_element_spacing=\u00a0\u00bbdefault\u00a0\u00bb background_color_opacity=\u00a0\u00bb1&Prime; background_hover_color_opacity=\u00a0\u00bb1&Prime; column_shadow=\u00a0\u00bbnone\u00a0\u00bb column_border_radius=\u00a0\u00bbnone\u00a0\u00bb column_link_target=\u00a0\u00bb_self\u00a0\u00bb gradient_direction=\u00a0\u00bbleft_to_right\u00a0\u00bb overlay_strength=\u00a0\u00bb0.3&Prime; width=\u00a0\u00bb1\/3&Prime; tablet_width_inherit=\u00a0\u00bbdefault\u00a0\u00bb tablet_text_alignment=\u00a0\u00bbdefault\u00a0\u00bb phone_text_alignment=\u00a0\u00bbdefault\u00a0\u00bb bg_image_animation=\u00a0\u00bbnone\u00a0\u00bb border_type=\u00a0\u00bbsimple\u00a0\u00bb column_border_width=\u00a0\u00bbnone\u00a0\u00bb column_border_style=\u00a0\u00bbsolid\u00a0\u00bb][team_member image_url=\u00a0\u00bb15810&Prime; bio_image_url=\u00a0\u00bb15810&Prime; team_memeber_style=\u00a0\u00bbbio_fullscreen\u00a0\u00bb image_loading=\u00a0\u00bbdefault\u00a0\u00bb team_member_bio_full_html=\u00a0\u00bbhtml\u00a0\u00bb name=\u00a0\u00bbPrise en charge des patients atteints de GvH\u00a0\u00bb]\n<h3>Quelle prise en charge ?<\/h3>\n<p>Lorsque les premiers signes de la maladie du greffon contre l\u2019h\u00f4te (GvH) apparaissent apr\u00e8s une allogreffe de cellules souches, le traitement de premi\u00e8re intention repose g\u00e9n\u00e9ralement sur l\u2019usage de <strong>cortico\u00efdes<\/strong>. Ces m\u00e9dicaments permettent, dans certains cas, de contr\u00f4ler l\u2019inflammation et de limiter les attaques du syst\u00e8me immunitaire. Pour ces patients, un <strong>traitement par immunoth\u00e9rapie<\/strong> peut \u00eatre envisag\u00e9, mais les options restent encore limit\u00e9es et l\u2019efficacit\u00e9 variable.<\/p>\n<p>Malgr\u00e9 les traitements existants, un besoin m\u00e9dical non couvert persiste pour de nombreux patients atteints de GvH. C\u2019est dans ce contexte que des solutions innovantes voient le jour, notamment autour du <strong>microbiote intestinal<\/strong>.[\/team_member][\/vc_column][\/vc_row][vc_row type=\u00a0\u00bbfull_width_background\u00a0\u00bb full_screen_row_position=\u00a0\u00bbmiddle\u00a0\u00bb column_margin=\u00a0\u00bbdefault\u00a0\u00bb column_direction=\u00a0\u00bbdefault\u00a0\u00bb column_direction_tablet=\u00a0\u00bbdefault\u00a0\u00bb column_direction_phone=\u00a0\u00bbdefault\u00a0\u00bb scene_position=\u00a0\u00bbcenter\u00a0\u00bb top_padding=\u00a0\u00bb2%\u00a0\u00bb bottom_padding=\u00a0\u00bb2%\u00a0\u00bb text_color=\u00a0\u00bbdark\u00a0\u00bb text_align=\u00a0\u00bbleft\u00a0\u00bb row_border_radius=\u00a0\u00bbnone\u00a0\u00bb row_border_radius_applies=\u00a0\u00bbbg\u00a0\u00bb id=\u00a0\u00bbavis-expert\u00a0\u00bb disable_element=\u00a0\u00bbyes\u00a0\u00bb color_overlay=\u00a0\u00bbrgba(91,192,204,0.49)\u00a0\u00bb overlay_strength=\u00a0\u00bb0.3&Prime; gradient_direction=\u00a0\u00bbleft_to_right\u00a0\u00bb shape_divider_position=\u00a0\u00bbbottom\u00a0\u00bb bg_image_animation=\u00a0\u00bbnone\u00a0\u00bb shape_type=\u00a0\u00bb\u00a0\u00bb][vc_column column_padding=\u00a0\u00bbno-extra-padding\u00a0\u00bb column_padding_tablet=\u00a0\u00bbinherit\u00a0\u00bb column_padding_phone=\u00a0\u00bbinherit\u00a0\u00bb column_padding_position=\u00a0\u00bball\u00a0\u00bb column_element_spacing=\u00a0\u00bbdefault\u00a0\u00bb background_color_opacity=\u00a0\u00bb1&Prime; background_hover_color_opacity=\u00a0\u00bb1&Prime; column_shadow=\u00a0\u00bbnone\u00a0\u00bb column_border_radius=\u00a0\u00bbnone\u00a0\u00bb column_link_target=\u00a0\u00bb_self\u00a0\u00bb gradient_direction=\u00a0\u00bbleft_to_right\u00a0\u00bb overlay_strength=\u00a0\u00bb0.3&Prime; width=\u00a0\u00bb1\/1&Prime; tablet_width_inherit=\u00a0\u00bbdefault\u00a0\u00bb tablet_text_alignment=\u00a0\u00bbdefault\u00a0\u00bb phone_text_alignment=\u00a0\u00bbdefault\u00a0\u00bb bg_image_animation=\u00a0\u00bbnone\u00a0\u00bb border_type=\u00a0\u00bbsimple\u00a0\u00bb column_border_width=\u00a0\u00bbnone\u00a0\u00bb column_border_style=\u00a0\u00bbsolid\u00a0\u00bb][vc_video link=\u00a0\u00bbhttps:\/\/youtu.be\/vvRSoOomzm0&Prime; el_width=\u00a0\u00bb50&Prime; align=\u00a0\u00bbcenter\u00a0\u00bb][vc_column_text]\n<h5 style=\"text-align: center;\"><span style=\"font-size: 18px; color: #004e98;\">Avis d\u2019expert sur l&rsquo;aGvH : impact sur le microbiote et approches th\u00e9rapeutiques \u2013 Pr Florent Malard<\/span><\/h5>\n[\/vc_column_text][\/vc_column][\/vc_row][vc_row type=\u00a0\u00bbfull_width_background\u00a0\u00bb full_screen_row_position=\u00a0\u00bbmiddle\u00a0\u00bb column_margin=\u00a0\u00bbdefault\u00a0\u00bb equal_height=\u00a0\u00bbyes\u00a0\u00bb content_placement=\u00a0\u00bbmiddle\u00a0\u00bb column_direction=\u00a0\u00bbdefault\u00a0\u00bb column_direction_tablet=\u00a0\u00bbdefault\u00a0\u00bb column_direction_phone=\u00a0\u00bbdefault\u00a0\u00bb scene_position=\u00a0\u00bbcenter\u00a0\u00bb bottom_padding=\u00a0\u00bb4%\u00a0\u00bb text_color=\u00a0\u00bbdark\u00a0\u00bb text_align=\u00a0\u00bbleft\u00a0\u00bb row_border_radius=\u00a0\u00bbnone\u00a0\u00bb row_border_radius_applies=\u00a0\u00bbbg\u00a0\u00bb id=\u00a0\u00bbmicrobiote\u00a0\u00bb overlay_strength=\u00a0\u00bb0.3&Prime; gradient_direction=\u00a0\u00bbleft_to_right\u00a0\u00bb shape_divider_position=\u00a0\u00bbbottom\u00a0\u00bb bg_image_animation=\u00a0\u00bbnone\u00a0\u00bb shape_type=\u00a0\u00bbcurve\u00a0\u00bb][vc_column column_padding=\u00a0\u00bbno-extra-padding\u00a0\u00bb column_padding_tablet=\u00a0\u00bbinherit\u00a0\u00bb column_padding_phone=\u00a0\u00bbinherit\u00a0\u00bb column_padding_position=\u00a0\u00bball\u00a0\u00bb column_element_spacing=\u00a0\u00bbdefault\u00a0\u00bb background_color_opacity=\u00a0\u00bb1&Prime; background_hover_color_opacity=\u00a0\u00bb1&Prime; column_shadow=\u00a0\u00bbnone\u00a0\u00bb column_border_radius=\u00a0\u00bbnone\u00a0\u00bb column_link_target=\u00a0\u00bb_self\u00a0\u00bb gradient_direction=\u00a0\u00bbleft_to_right\u00a0\u00bb overlay_strength=\u00a0\u00bb0.3&Prime; width=\u00a0\u00bb1\/1&Prime; tablet_width_inherit=\u00a0\u00bbdefault\u00a0\u00bb tablet_text_alignment=\u00a0\u00bbdefault\u00a0\u00bb phone_text_alignment=\u00a0\u00bbdefault\u00a0\u00bb bg_image_animation=\u00a0\u00bbnone\u00a0\u00bb border_type=\u00a0\u00bbsimple\u00a0\u00bb column_border_width=\u00a0\u00bbnone\u00a0\u00bb column_border_style=\u00a0\u00bbsolid\u00a0\u00bb][divider line_type=\u00a0\u00bbNo Line\u00a0\u00bb custom_height=\u00a0\u00bb30&Prime;][divider line_type=\u00a0\u00bbNo Line\u00a0\u00bb custom_height=\u00a0\u00bb30&Prime;][nectar_highlighted_text color_type=\u00a0\u00bbregular\u00a0\u00bb text_color=\u00a0\u00bb#5bc0cc\u00a0\u00bb style=\u00a0\u00bbfull_text\u00a0\u00bb highlight_expansion=\u00a0\u00bbdefault\u00a0\u00bb]\n<h2 style=\"text-align: left;\"><strong>Restaurer l\u2019\u00e9quilibre du microbiote intestinal pour mieux soigner les cancers du sang<\/strong><\/h2>\n[\/nectar_highlighted_text][vc_row_inner column_margin=\u00a0\u00bb50px\u00a0\u00bb column_direction=\u00a0\u00bbdefault\u00a0\u00bb column_direction_tablet=\u00a0\u00bbdefault\u00a0\u00bb column_direction_phone=\u00a0\u00bbdefault\u00a0\u00bb text_align=\u00a0\u00bbleft\u00a0\u00bb][vc_column_inner column_padding=\u00a0\u00bbno-extra-padding\u00a0\u00bb column_padding_tablet=\u00a0\u00bbinherit\u00a0\u00bb column_padding_phone=\u00a0\u00bbinherit\u00a0\u00bb column_padding_position=\u00a0\u00bball\u00a0\u00bb column_element_spacing=\u00a0\u00bbdefault\u00a0\u00bb background_color_opacity=\u00a0\u00bb1&Prime; background_hover_color_opacity=\u00a0\u00bb1&Prime; column_shadow=\u00a0\u00bbnone\u00a0\u00bb column_border_radius=\u00a0\u00bbnone\u00a0\u00bb column_link_target=\u00a0\u00bb_self\u00a0\u00bb gradient_direction=\u00a0\u00bbleft_to_right\u00a0\u00bb overlay_strength=\u00a0\u00bb0.3&Prime; width=\u00a0\u00bb2\/3&Prime; tablet_width_inherit=\u00a0\u00bbdefault\u00a0\u00bb bg_image_animation=\u00a0\u00bbnone\u00a0\u00bb border_type=\u00a0\u00bbsimple\u00a0\u00bb column_border_width=\u00a0\u00bbnone\u00a0\u00bb column_border_style=\u00a0\u00bbsolid\u00a0\u00bb][divider line_type=\u00a0\u00bbNo Line\u00a0\u00bb][divider line_type=\u00a0\u00bbNo Line\u00a0\u00bb][vc_column_text]Le microbiote intestinal, cet ensemble de milliards de micro-organismes qui vivent dans notre intestin, joue un <strong>r\u00f4le essentiel<\/strong> dans notre sant\u00e9. Les microorganismes qui vivent dans notre intestin sont totalement <strong>uniques<\/strong> \u00e0 chaque individu. Le microbiote intestinal influence non seulement la digestion, mais aussi notre <strong>syst\u00e8me immunitaire<\/strong> et l\u2019<strong>efficacit\u00e9 de certains traitements m\u00e9dicaux<\/strong>, notamment en oncologie.<\/p>\n<p><span style=\"font-size: 13px;\"><em>Source : INSERM &#8211; <a href=\"https:\/\/www.inserm.fr\/dossier\/microbiote-intestinal-flore-intestinale\/\" target=\"_blank\" rel=\"noopener\">Dossier Microbiote Intestinal<\/a><\/em><\/span>[\/vc_column_text][\/vc_column_inner][vc_column_inner column_padding=\u00a0\u00bbno-extra-padding\u00a0\u00bb column_padding_tablet=\u00a0\u00bbinherit\u00a0\u00bb column_padding_phone=\u00a0\u00bbinherit\u00a0\u00bb column_padding_position=\u00a0\u00bball\u00a0\u00bb column_element_spacing=\u00a0\u00bbdefault\u00a0\u00bb background_color_opacity=\u00a0\u00bb1&Prime; background_hover_color_opacity=\u00a0\u00bb1&Prime; column_shadow=\u00a0\u00bbnone\u00a0\u00bb column_border_radius=\u00a0\u00bbnone\u00a0\u00bb column_link_target=\u00a0\u00bb_self\u00a0\u00bb gradient_direction=\u00a0\u00bbleft_to_right\u00a0\u00bb overlay_strength=\u00a0\u00bb0.3&Prime; width=\u00a0\u00bb1\/3&Prime; tablet_width_inherit=\u00a0\u00bbdefault\u00a0\u00bb bg_image_animation=\u00a0\u00bbnone\u00a0\u00bb border_type=\u00a0\u00bbsimple\u00a0\u00bb column_border_width=\u00a0\u00bbnone\u00a0\u00bb column_border_style=\u00a0\u00bbsolid\u00a0\u00bb][image_with_animation image_url=\u00a0\u00bb15817&Prime; animation=\u00a0\u00bbFade In\u00a0\u00bb hover_animation=\u00a0\u00bbnone\u00a0\u00bb alignment=\u00a0\u00bb\u00a0\u00bb border_radius=\u00a0\u00bbnone\u00a0\u00bb box_shadow=\u00a0\u00bbnone\u00a0\u00bb image_loading=\u00a0\u00bbdefault\u00a0\u00bb max_width=\u00a0\u00bb100%\u00a0\u00bb max_width_mobile=\u00a0\u00bbdefault\u00a0\u00bb img_link=\u00a0\u00bbhttps:\/\/maat.swebwp.oci.eu\/wp-content\/uploads\/2025\/06\/equilibre-microbiote.png\u00a0\u00bb][\/vc_column_inner][\/vc_row_inner][divider line_type=\u00a0\u00bbNo Line\u00a0\u00bb][\/vc_column][vc_column column_padding=\u00a0\u00bbno-extra-padding\u00a0\u00bb column_padding_tablet=\u00a0\u00bbinherit\u00a0\u00bb column_padding_phone=\u00a0\u00bbinherit\u00a0\u00bb column_padding_position=\u00a0\u00bball\u00a0\u00bb column_element_spacing=\u00a0\u00bbdefault\u00a0\u00bb background_color_opacity=\u00a0\u00bb1&Prime; background_hover_color_opacity=\u00a0\u00bb1&Prime; column_shadow=\u00a0\u00bbnone\u00a0\u00bb column_border_radius=\u00a0\u00bbnone\u00a0\u00bb column_link_target=\u00a0\u00bb_self\u00a0\u00bb gradient_direction=\u00a0\u00bbleft_to_right\u00a0\u00bb overlay_strength=\u00a0\u00bb0.3&Prime; width=\u00a0\u00bb1\/2&Prime; tablet_width_inherit=\u00a0\u00bbdefault\u00a0\u00bb tablet_text_alignment=\u00a0\u00bbdefault\u00a0\u00bb phone_text_alignment=\u00a0\u00bbdefault\u00a0\u00bb bg_image_animation=\u00a0\u00bbnone\u00a0\u00bb border_type=\u00a0\u00bbsimple\u00a0\u00bb column_border_width=\u00a0\u00bbnone\u00a0\u00bb column_border_style=\u00a0\u00bbsolid\u00a0\u00bb][team_member image_url=\u00a0\u00bb15961&Prime; bio_image_url=\u00a0\u00bb15810&Prime; team_memeber_style=\u00a0\u00bbbio_fullscreen\u00a0\u00bb image_loading=\u00a0\u00bbdefault\u00a0\u00bb team_member_bio_full_html=\u00a0\u00bbhtml\u00a0\u00bb name=\u00a0\u00bbMicrobiote et complications post-greffe\u00a0\u00bb]\n<h3>Quel est le lien entre microbiote et complications post-greffe dans les cancers du sang ?<\/h3>\n<p>Les chimioth\u00e9rapies et antibioth\u00e9rapies intensives peuvent gravement endommager le microbiome intestinal, provoquant ce que l\u2019on appelle une <strong>dysbiose<\/strong> (un d\u00e9s\u00e9quilibre du microbiome intestinal par rapport \u00e0 son \u00e9tat sain). Des donn\u00e9es sugg\u00e8rent qu\u2019il existe un <strong>lien entre la dysbiose du microbiote et la GvH<\/strong>, ainsi que la survie des patients greff\u00e9s.<\/p>\n<p>En effet, des \u00e9tudes r\u00e9centes ont montr\u00e9 que la <strong>haute richesse bact\u00e9rienne<\/strong> (nombre total de bact\u00e9ries pr\u00e9sentes dans le microbiome intestinal) et la <strong>haute diversit\u00e9 bact\u00e9rienne<\/strong> (nombre d\u2019esp\u00e8ces diff\u00e9rentes dans le microbiome intestinal) sont associ\u00e9es \u00e0 un <strong>taux de survie plus \u00e9lev\u00e9<\/strong> chez les patients recevant une allo-GCSH, diminuant chez ces patients le risque de complications courantes.<\/p>\n<p>Pour plus d\u2019informations, \u00e9couter le rdv de la SFGM-TC d\u00e9di\u00e9 au microbiote et nutrition\u00a0: <a href=\"https:\/\/www.sfgm-tc.com\/actualites_patients_aidants_donneurs\/microbiote-et-nutrition\/\" target=\"_blank\" rel=\"noopener\">https:\/\/www.sfgm-tc.com\/actualites_patients_aidants_donneurs\/microbiote-et-nutrition\/<\/a>[\/team_member][\/vc_column][vc_column column_padding=\u00a0\u00bbno-extra-padding\u00a0\u00bb column_padding_tablet=\u00a0\u00bbinherit\u00a0\u00bb column_padding_phone=\u00a0\u00bbinherit\u00a0\u00bb column_padding_position=\u00a0\u00bball\u00a0\u00bb column_element_spacing=\u00a0\u00bbdefault\u00a0\u00bb background_color_opacity=\u00a0\u00bb1&Prime; background_hover_color_opacity=\u00a0\u00bb1&Prime; column_shadow=\u00a0\u00bbnone\u00a0\u00bb column_border_radius=\u00a0\u00bbnone\u00a0\u00bb column_link_target=\u00a0\u00bb_self\u00a0\u00bb gradient_direction=\u00a0\u00bbleft_to_right\u00a0\u00bb overlay_strength=\u00a0\u00bb0.3&Prime; width=\u00a0\u00bb1\/2&Prime; tablet_width_inherit=\u00a0\u00bbdefault\u00a0\u00bb tablet_text_alignment=\u00a0\u00bbdefault\u00a0\u00bb phone_text_alignment=\u00a0\u00bbdefault\u00a0\u00bb bg_image_animation=\u00a0\u00bbnone\u00a0\u00bb border_type=\u00a0\u00bbsimple\u00a0\u00bb column_border_width=\u00a0\u00bbnone\u00a0\u00bb column_border_style=\u00a0\u00bbsolid\u00a0\u00bb][team_member image_url=\u00a0\u00bb15849&Prime; bio_image_url=\u00a0\u00bb15849&Prime; team_memeber_style=\u00a0\u00bbbio_fullscreen\u00a0\u00bb image_loading=\u00a0\u00bbdefault\u00a0\u00bb team_member_bio_full_html=\u00a0\u00bbhtml\u00a0\u00bb name=\u00a0\u00bbLa restauration du microbiote intestinal\u00a0\u00bb]\n<h3>Une approche innovante : la restauration du microbiote intestinal dans les cancers du sang<\/h3>\n<p>Face \u00e0 ces constats, et en compl\u00e9ment des traitements actuels pour la GvH, une piste th\u00e9rapeutique \u00e9merge\u00a0: \u00a0<strong>restaurer le microbiote intestinal avec des m\u00e9dicaments<\/strong>, afin de r\u00e9tablir un \u00e9quilibre microbien b\u00e9n\u00e9fique. Bien qu\u2019encore en phase d\u2019\u00e9tude clinique dans le contexte des cancers h\u00e9matologiques, cette approche montre un potentiel pour <strong>renforcer l\u2019efficacit\u00e9 des traitements anticanc\u00e9reux<\/strong> et stimuler la r\u00e9ponse immunitaire. Des \u00e9tudes cliniques en cours dans le domaine sugg\u00e8rent que la restauration du microbiote intestinal pourrait\u00a0:<\/p>\n<ul>\n<li>Stimuler l\u2019efficacit\u00e9 des traitements contre le cancer ;<\/li>\n<li>R\u00e9duire les effets secondaires li\u00e9s \u00e0 l\u2019allogreffe ;<\/li>\n<li>Am\u00e9liorer la qualit\u00e9 de vie et la survie globale des patients.<\/li>\n<\/ul>\n[\/team_member][\/vc_column][\/vc_row][vc_row type=\u00a0\u00bbfull_width_background\u00a0\u00bb full_screen_row_position=\u00a0\u00bbmiddle\u00a0\u00bb column_margin=\u00a0\u00bbdefault\u00a0\u00bb column_direction=\u00a0\u00bbdefault\u00a0\u00bb column_direction_tablet=\u00a0\u00bbdefault\u00a0\u00bb column_direction_phone=\u00a0\u00bbdefault\u00a0\u00bb scene_position=\u00a0\u00bbcenter\u00a0\u00bb top_padding=\u00a0\u00bb2%\u00a0\u00bb bottom_padding=\u00a0\u00bb2%\u00a0\u00bb text_color=\u00a0\u00bbdark\u00a0\u00bb text_align=\u00a0\u00bbleft\u00a0\u00bb row_border_radius=\u00a0\u00bbnone\u00a0\u00bb row_border_radius_applies=\u00a0\u00bbbg\u00a0\u00bb color_overlay=\u00a0\u00bbrgba(91,192,204,0.39)\u00a0\u00bb overlay_strength=\u00a0\u00bb0.3&Prime; gradient_direction=\u00a0\u00bbleft_to_right\u00a0\u00bb shape_divider_position=\u00a0\u00bbbottom\u00a0\u00bb bg_image_animation=\u00a0\u00bbnone\u00a0\u00bb shape_type=\u00a0\u00bb\u00a0\u00bb][vc_column column_padding=\u00a0\u00bbno-extra-padding\u00a0\u00bb column_padding_tablet=\u00a0\u00bbinherit\u00a0\u00bb column_padding_phone=\u00a0\u00bbinherit\u00a0\u00bb column_padding_position=\u00a0\u00bball\u00a0\u00bb column_element_spacing=\u00a0\u00bbdefault\u00a0\u00bb background_color_opacity=\u00a0\u00bb1&Prime; background_hover_color_opacity=\u00a0\u00bb1&Prime; column_shadow=\u00a0\u00bbnone\u00a0\u00bb column_border_radius=\u00a0\u00bbnone\u00a0\u00bb column_link_target=\u00a0\u00bb_self\u00a0\u00bb gradient_direction=\u00a0\u00bbleft_to_right\u00a0\u00bb overlay_strength=\u00a0\u00bb0.3&Prime; width=\u00a0\u00bb1\/1&Prime; tablet_width_inherit=\u00a0\u00bbdefault\u00a0\u00bb tablet_text_alignment=\u00a0\u00bbdefault\u00a0\u00bb phone_text_alignment=\u00a0\u00bbdefault\u00a0\u00bb bg_image_animation=\u00a0\u00bbnone\u00a0\u00bb border_type=\u00a0\u00bbsimple\u00a0\u00bb column_border_width=\u00a0\u00bbnone\u00a0\u00bb column_border_style=\u00a0\u00bbsolid\u00a0\u00bb][vc_column_text]\n<h3><span style=\"font-size: 18px;\">En savoir plus sur les cancers du sang\u00a0:<\/span><\/h3>\n<ul>\n<li><span style=\"font-size: 18px;\"><a href=\"http:\/\/www.lls.org\" target=\"_blank\" rel=\"noopener\">Leukemia &amp; Lymphona Society<sup>\u00ae<\/sup><\/a><\/span><\/li>\n<li><span style=\"font-size: 18px;\"><a href=\"http:\/\/www.laurettefugain.org\" target=\"_blank\" rel=\"noopener\">Association Laurette Fugain<\/a><\/span><\/li>\n<li><span style=\"font-size: 18px;\"><a href=\"http:\/\/www.biocodexmicrobiotainstitute.com\/fr\/pro\/transplantation-de-cellules-souches-et-rejet-de-greffes\" target=\"_blank\" rel=\"noopener\">Biocodex Microbiota Institute &#8211; Transplantation de cellules souches<\/a>\u00a0<\/span><\/li>\n<li><span style=\"font-size: 18px;\"><a href=\"https:\/\/www.inserm.fr\/dossier\/microbiote-intestinal-flore-intestinale\/\" target=\"_blank\" rel=\"noopener\">INSERM &#8211; Microbiote Intestinal<\/a><\/span><\/li>\n<li><span style=\"font-size: 18px;\"><a href=\"https:\/\/www.inrae.fr\/actualites\/composition-du-microbiote-digestif-influence-reponse-immunitaire-anti-tumorale-apres-allogreffe-cellules-souches-hematopoietiques\" target=\"_blank\" rel=\"noopener\">INRAE &#8211; Influence du microbiote sur l&rsquo;immunit\u00e9<\/a><\/span><\/li>\n<\/ul>\n<p><strong>Notice d\u2019information Patients : <a href=\"https:\/\/maat.swebwp.oci.eu\/wp-content\/uploads\/2025\/12\/Notice-dinformation-Patients-\u2013-Programme-dAcces-Compassionnel-Tres-Precoce-ACTP-pour-MaaT013.pdf\">Programme d\u2019Acc\u00e8s Compassionnel Tr\u00e8s Pr\u00e9coce (ACTP) pour MaaT013<\/a><\/strong>[\/vc_column_text][\/vc_column][\/vc_row]\n","protected":false},"excerpt":{"rendered":"<p>[vc_row type=\u00a0\u00bbfull_width_background\u00a0\u00bb full_screen_row_position=\u00a0\u00bbmiddle\u00a0\u00bb column_margin=\u00a0\u00bbdefault\u00a0\u00bb column_direction=\u00a0\u00bbdefault\u00a0\u00bb column_direction_tablet=\u00a0\u00bbdefault\u00a0\u00bb column_direction_phone=\u00a0\u00bbdefault\u00a0\u00bb bg_image=\u00a0\u00bb760&Prime; bg_position=\u00a0\u00bbcenter center\u00a0\u00bb background_image_loading=\u00a0\u00bbdefault\u00a0\u00bb bg_repeat=\u00a0\u00bbno-repeat\u00a0\u00bb scene_position=\u00a0\u00bbcenter\u00a0\u00bb top_padding=\u00a0\u00bb10%\u00a0\u00bb bottom_padding=\u00a0\u00bb14%\u00a0\u00bb text_color=\u00a0\u00bblight\u00a0\u00bb text_align=\u00a0\u00bbleft\u00a0\u00bb row_border_radius=\u00a0\u00bbnone\u00a0\u00bb row_border_radius_applies=\u00a0\u00bbbg\u00a0\u00bb enable_gradient=\u00a0\u00bbtrue\u00a0\u00bb color_overlay=\u00a0\u00bbrgba(91,192,204,0.94)\u00a0\u00bb color_overlay_2=\u00a0\u00bb#014f90&Prime; overlay_strength=\u00a0\u00bb0.95&Prime; gradient_direction=\u00a0\u00bbleft_to_right\u00a0\u00bb enable_shape_divider=\u00a0\u00bbtrue\u00a0\u00bb shape_divider_position=\u00a0\u00bbbottom\u00a0\u00bb shape_divider_height=\u00a0\u00bb190&Prime; bg_image_animation=\u00a0\u00bbnone\u00a0\u00bb parallax_bg=\u00a0\u00bbtrue\u00a0\u00bb parallax_bg_speed=\u00a0\u00bbfast\u00a0\u00bb&#8230;<\/p>\n","protected":false},"author":7,"featured_media":0,"parent":0,"menu_order":0,"comment_status":"closed","ping_status":"closed","template":"","meta":{"_acf_changed":false,"footnotes":""},"class_list":["post-13230","page","type-page","status-publish"],"acf":[],"yoast_head":"<!-- This site is optimized with the Yoast SEO plugin v25.3.1 - https:\/\/yoast.com\/wordpress\/plugins\/seo\/ -->\n<title>Patients et proches de patients - MaaT Pharma<\/title>\n<meta name=\"robots\" content=\"noindex, follow, max-snippet:-1, max-image-preview:large, max-video-preview:-1\" \/>\n<meta property=\"og:locale\" content=\"fr_FR\" \/>\n<meta property=\"og:type\" content=\"article\" \/>\n<meta property=\"og:title\" content=\"Patients et proches de patients - MaaT Pharma\" \/>\n<meta property=\"og:description\" content=\"[vc_row type=\u00a0\u00bbfull_width_background\u00a0\u00bb full_screen_row_position=\u00a0\u00bbmiddle\u00a0\u00bb column_margin=\u00a0\u00bbdefault\u00a0\u00bb column_direction=\u00a0\u00bbdefault\u00a0\u00bb column_direction_tablet=\u00a0\u00bbdefault\u00a0\u00bb column_direction_phone=\u00a0\u00bbdefault\u00a0\u00bb bg_image=\u00a0\u00bb760&Prime; bg_position=\u00a0\u00bbcenter center\u00a0\u00bb background_image_loading=\u00a0\u00bbdefault\u00a0\u00bb bg_repeat=\u00a0\u00bbno-repeat\u00a0\u00bb scene_position=\u00a0\u00bbcenter\u00a0\u00bb top_padding=\u00a0\u00bb10%\u00a0\u00bb bottom_padding=\u00a0\u00bb14%\u00a0\u00bb text_color=\u00a0\u00bblight\u00a0\u00bb text_align=\u00a0\u00bbleft\u00a0\u00bb row_border_radius=\u00a0\u00bbnone\u00a0\u00bb row_border_radius_applies=\u00a0\u00bbbg\u00a0\u00bb enable_gradient=\u00a0\u00bbtrue\u00a0\u00bb color_overlay=\u00a0\u00bbrgba(91,192,204,0.94)\u00a0\u00bb color_overlay_2=\u00a0\u00bb#014f90&Prime; overlay_strength=\u00a0\u00bb0.95&Prime; gradient_direction=\u00a0\u00bbleft_to_right\u00a0\u00bb enable_shape_divider=\u00a0\u00bbtrue\u00a0\u00bb shape_divider_position=\u00a0\u00bbbottom\u00a0\u00bb shape_divider_height=\u00a0\u00bb190&Prime; bg_image_animation=\u00a0\u00bbnone\u00a0\u00bb parallax_bg=\u00a0\u00bbtrue\u00a0\u00bb parallax_bg_speed=\u00a0\u00bbfast\u00a0\u00bb...\" \/>\n<meta property=\"og:url\" content=\"https:\/\/maat.swebwp.oci.eu\/fr\/patients-et-proches-de-patients\/\" \/>\n<meta property=\"og:site_name\" content=\"MaaT Pharma\" \/>\n<meta property=\"article:modified_time\" content=\"2026-01-20T10:42:23+00:00\" \/>\n<meta property=\"og:image\" content=\"https:\/\/maat.swebwp.oci.eu\/wp-content\/uploads\/2025\/09\/Funnel-Patient-FR-VF-1-300x197.png\" \/>\n<meta name=\"twitter:card\" content=\"summary_large_image\" \/>\n<meta name=\"twitter:label1\" content=\"Dur\u00e9e de lecture estim\u00e9e\" \/>\n\t<meta name=\"twitter:data1\" content=\"14 minutes\" \/>\n<script type=\"application\/ld+json\" class=\"yoast-schema-graph\">{\"@context\":\"https:\/\/schema.org\",\"@graph\":[{\"@type\":\"WebPage\",\"@id\":\"https:\/\/maat.swebwp.oci.eu\/fr\/patients-et-proches-de-patients\/\",\"url\":\"https:\/\/maat.swebwp.oci.eu\/fr\/patients-et-proches-de-patients\/\",\"name\":\"Patients et proches de patients - MaaT Pharma\",\"isPartOf\":{\"@id\":\"https:\/\/maat.swebwp.oci.eu\/#website\"},\"primaryImageOfPage\":{\"@id\":\"https:\/\/maat.swebwp.oci.eu\/fr\/patients-et-proches-de-patients\/#primaryimage\"},\"image\":{\"@id\":\"https:\/\/maat.swebwp.oci.eu\/fr\/patients-et-proches-de-patients\/#primaryimage\"},\"thumbnailUrl\":\"https:\/\/maat.swebwp.oci.eu\/wp-content\/uploads\/2025\/09\/Funnel-Patient-FR-VF-1-300x197.png\",\"datePublished\":\"2024-10-14T09:15:59+00:00\",\"dateModified\":\"2026-01-20T10:42:23+00:00\",\"breadcrumb\":{\"@id\":\"https:\/\/maat.swebwp.oci.eu\/fr\/patients-et-proches-de-patients\/#breadcrumb\"},\"inLanguage\":\"fr-FR\",\"potentialAction\":[{\"@type\":\"ReadAction\",\"target\":[\"https:\/\/maat.swebwp.oci.eu\/fr\/patients-et-proches-de-patients\/\"]}]},{\"@type\":\"ImageObject\",\"inLanguage\":\"fr-FR\",\"@id\":\"https:\/\/maat.swebwp.oci.eu\/fr\/patients-et-proches-de-patients\/#primaryimage\",\"url\":\"https:\/\/maat.swebwp.oci.eu\/wp-content\/uploads\/2025\/09\/Funnel-Patient-FR-VF-1-300x197.png\",\"contentUrl\":\"https:\/\/maat.swebwp.oci.eu\/wp-content\/uploads\/2025\/09\/Funnel-Patient-FR-VF-1-300x197.png\"},{\"@type\":\"BreadcrumbList\",\"@id\":\"https:\/\/maat.swebwp.oci.eu\/fr\/patients-et-proches-de-patients\/#breadcrumb\",\"itemListElement\":[{\"@type\":\"ListItem\",\"position\":1,\"name\":\"Home\",\"item\":\"https:\/\/maat.swebwp.oci.eu\/fr\/\"},{\"@type\":\"ListItem\",\"position\":2,\"name\":\"Patients et proches de patients\"}]},{\"@type\":\"WebSite\",\"@id\":\"https:\/\/maat.swebwp.oci.eu\/#website\",\"url\":\"https:\/\/maat.swebwp.oci.eu\/\",\"name\":\"MaaT Pharma\",\"description\":\"microbiota gut to fight cancer\",\"publisher\":{\"@id\":\"https:\/\/maat.swebwp.oci.eu\/#organization\"},\"potentialAction\":[{\"@type\":\"SearchAction\",\"target\":{\"@type\":\"EntryPoint\",\"urlTemplate\":\"https:\/\/maat.swebwp.oci.eu\/?s={search_term_string}\"},\"query-input\":{\"@type\":\"PropertyValueSpecification\",\"valueRequired\":true,\"valueName\":\"search_term_string\"}}],\"inLanguage\":\"fr-FR\"},{\"@type\":\"Organization\",\"@id\":\"https:\/\/maat.swebwp.oci.eu\/#organization\",\"name\":\"Maat Pharma\",\"url\":\"https:\/\/maat.swebwp.oci.eu\/\",\"logo\":{\"@type\":\"ImageObject\",\"inLanguage\":\"fr-FR\",\"@id\":\"https:\/\/maat.swebwp.oci.eu\/#\/schema\/logo\/image\/\",\"url\":\"http:\/\/preprod-wadesign.fr\/maat-pharma\/wp-content\/uploads\/2018\/09\/maat-logo-rvb-header.png\",\"contentUrl\":\"http:\/\/preprod-wadesign.fr\/maat-pharma\/wp-content\/uploads\/2018\/09\/maat-logo-rvb-header.png\",\"width\":150,\"height\":171,\"caption\":\"Maat Pharma\"},\"image\":{\"@id\":\"https:\/\/maat.swebwp.oci.eu\/#\/schema\/logo\/image\/\"}}]}<\/script>\n<!-- \/ Yoast SEO plugin. -->","yoast_head_json":{"title":"Patients et proches de patients - MaaT Pharma","robots":{"index":"noindex","follow":"follow","max-snippet":"max-snippet:-1","max-image-preview":"max-image-preview:large","max-video-preview":"max-video-preview:-1"},"og_locale":"fr_FR","og_type":"article","og_title":"Patients et proches de patients - MaaT Pharma","og_description":"[vc_row type=\u00a0\u00bbfull_width_background\u00a0\u00bb full_screen_row_position=\u00a0\u00bbmiddle\u00a0\u00bb column_margin=\u00a0\u00bbdefault\u00a0\u00bb column_direction=\u00a0\u00bbdefault\u00a0\u00bb column_direction_tablet=\u00a0\u00bbdefault\u00a0\u00bb column_direction_phone=\u00a0\u00bbdefault\u00a0\u00bb bg_image=\u00a0\u00bb760&Prime; bg_position=\u00a0\u00bbcenter center\u00a0\u00bb background_image_loading=\u00a0\u00bbdefault\u00a0\u00bb bg_repeat=\u00a0\u00bbno-repeat\u00a0\u00bb scene_position=\u00a0\u00bbcenter\u00a0\u00bb top_padding=\u00a0\u00bb10%\u00a0\u00bb bottom_padding=\u00a0\u00bb14%\u00a0\u00bb text_color=\u00a0\u00bblight\u00a0\u00bb text_align=\u00a0\u00bbleft\u00a0\u00bb row_border_radius=\u00a0\u00bbnone\u00a0\u00bb row_border_radius_applies=\u00a0\u00bbbg\u00a0\u00bb enable_gradient=\u00a0\u00bbtrue\u00a0\u00bb color_overlay=\u00a0\u00bbrgba(91,192,204,0.94)\u00a0\u00bb color_overlay_2=\u00a0\u00bb#014f90&Prime; overlay_strength=\u00a0\u00bb0.95&Prime; gradient_direction=\u00a0\u00bbleft_to_right\u00a0\u00bb enable_shape_divider=\u00a0\u00bbtrue\u00a0\u00bb shape_divider_position=\u00a0\u00bbbottom\u00a0\u00bb shape_divider_height=\u00a0\u00bb190&Prime; bg_image_animation=\u00a0\u00bbnone\u00a0\u00bb parallax_bg=\u00a0\u00bbtrue\u00a0\u00bb parallax_bg_speed=\u00a0\u00bbfast\u00a0\u00bb...","og_url":"https:\/\/maat.swebwp.oci.eu\/fr\/patients-et-proches-de-patients\/","og_site_name":"MaaT Pharma","article_modified_time":"2026-01-20T10:42:23+00:00","og_image":[{"url":"https:\/\/maat.swebwp.oci.eu\/wp-content\/uploads\/2025\/09\/Funnel-Patient-FR-VF-1-300x197.png","type":"","width":"","height":""}],"twitter_card":"summary_large_image","twitter_misc":{"Dur\u00e9e de lecture estim\u00e9e":"14 minutes"},"schema":{"@context":"https:\/\/schema.org","@graph":[{"@type":"WebPage","@id":"https:\/\/maat.swebwp.oci.eu\/fr\/patients-et-proches-de-patients\/","url":"https:\/\/maat.swebwp.oci.eu\/fr\/patients-et-proches-de-patients\/","name":"Patients et proches de patients - MaaT Pharma","isPartOf":{"@id":"https:\/\/maat.swebwp.oci.eu\/#website"},"primaryImageOfPage":{"@id":"https:\/\/maat.swebwp.oci.eu\/fr\/patients-et-proches-de-patients\/#primaryimage"},"image":{"@id":"https:\/\/maat.swebwp.oci.eu\/fr\/patients-et-proches-de-patients\/#primaryimage"},"thumbnailUrl":"https:\/\/maat.swebwp.oci.eu\/wp-content\/uploads\/2025\/09\/Funnel-Patient-FR-VF-1-300x197.png","datePublished":"2024-10-14T09:15:59+00:00","dateModified":"2026-01-20T10:42:23+00:00","breadcrumb":{"@id":"https:\/\/maat.swebwp.oci.eu\/fr\/patients-et-proches-de-patients\/#breadcrumb"},"inLanguage":"fr-FR","potentialAction":[{"@type":"ReadAction","target":["https:\/\/maat.swebwp.oci.eu\/fr\/patients-et-proches-de-patients\/"]}]},{"@type":"ImageObject","inLanguage":"fr-FR","@id":"https:\/\/maat.swebwp.oci.eu\/fr\/patients-et-proches-de-patients\/#primaryimage","url":"https:\/\/maat.swebwp.oci.eu\/wp-content\/uploads\/2025\/09\/Funnel-Patient-FR-VF-1-300x197.png","contentUrl":"https:\/\/maat.swebwp.oci.eu\/wp-content\/uploads\/2025\/09\/Funnel-Patient-FR-VF-1-300x197.png"},{"@type":"BreadcrumbList","@id":"https:\/\/maat.swebwp.oci.eu\/fr\/patients-et-proches-de-patients\/#breadcrumb","itemListElement":[{"@type":"ListItem","position":1,"name":"Home","item":"https:\/\/maat.swebwp.oci.eu\/fr\/"},{"@type":"ListItem","position":2,"name":"Patients et proches de patients"}]},{"@type":"WebSite","@id":"https:\/\/maat.swebwp.oci.eu\/#website","url":"https:\/\/maat.swebwp.oci.eu\/","name":"MaaT Pharma","description":"microbiota gut to fight cancer","publisher":{"@id":"https:\/\/maat.swebwp.oci.eu\/#organization"},"potentialAction":[{"@type":"SearchAction","target":{"@type":"EntryPoint","urlTemplate":"https:\/\/maat.swebwp.oci.eu\/?s={search_term_string}"},"query-input":{"@type":"PropertyValueSpecification","valueRequired":true,"valueName":"search_term_string"}}],"inLanguage":"fr-FR"},{"@type":"Organization","@id":"https:\/\/maat.swebwp.oci.eu\/#organization","name":"Maat Pharma","url":"https:\/\/maat.swebwp.oci.eu\/","logo":{"@type":"ImageObject","inLanguage":"fr-FR","@id":"https:\/\/maat.swebwp.oci.eu\/#\/schema\/logo\/image\/","url":"http:\/\/preprod-wadesign.fr\/maat-pharma\/wp-content\/uploads\/2018\/09\/maat-logo-rvb-header.png","contentUrl":"http:\/\/preprod-wadesign.fr\/maat-pharma\/wp-content\/uploads\/2018\/09\/maat-logo-rvb-header.png","width":150,"height":171,"caption":"Maat Pharma"},"image":{"@id":"https:\/\/maat.swebwp.oci.eu\/#\/schema\/logo\/image\/"}}]}},"_links":{"self":[{"href":"https:\/\/maat.swebwp.oci.eu\/fr\/wp-json\/wp\/v2\/pages\/13230","targetHints":{"allow":["GET"]}}],"collection":[{"href":"https:\/\/maat.swebwp.oci.eu\/fr\/wp-json\/wp\/v2\/pages"}],"about":[{"href":"https:\/\/maat.swebwp.oci.eu\/fr\/wp-json\/wp\/v2\/types\/page"}],"author":[{"embeddable":true,"href":"https:\/\/maat.swebwp.oci.eu\/fr\/wp-json\/wp\/v2\/users\/7"}],"replies":[{"embeddable":true,"href":"https:\/\/maat.swebwp.oci.eu\/fr\/wp-json\/wp\/v2\/comments?post=13230"}],"version-history":[{"count":15,"href":"https:\/\/maat.swebwp.oci.eu\/fr\/wp-json\/wp\/v2\/pages\/13230\/revisions"}],"predecessor-version":[{"id":17293,"href":"https:\/\/maat.swebwp.oci.eu\/fr\/wp-json\/wp\/v2\/pages\/13230\/revisions\/17293"}],"wp:attachment":[{"href":"https:\/\/maat.swebwp.oci.eu\/fr\/wp-json\/wp\/v2\/media?parent=13230"}],"curies":[{"name":"wp","href":"https:\/\/api.w.org\/{rel}","templated":true}]}}